{"id":2759,"date":"2025-08-26T15:31:15","date_gmt":"2025-08-26T13:31:15","guid":{"rendered":"https:\/\/proquinat.com\/mentions-legales\/"},"modified":"2026-09-02T13:59:14","modified_gmt":"2026-09-02T11:59:14","slug":"mentions-legales","status":"publish","type":"page","link":"https:\/\/proquinat.com\/fr\/mentions-legales\/","title":{"rendered":"Mentions l\u00e9gales"},"content":{"rendered":"\t\t<div data-elementor-type=\"wp-page\" data-elementor-id=\"2759\" class=\"elementor elementor-2759 elementor-1113\" data-elementor-post-type=\"page\">\n\t\t\t\t<div class=\"elementor-element elementor-element-7efd3e4 e-flex e-con-boxed e-con e-parent\" data-id=\"7efd3e4\" data-element_type=\"container\" data-e-type=\"container\" data-settings=\"{&quot;jet_parallax_layout_list&quot;:[]}\">\n\t\t\t\t\t<div class=\"e-con-inner\">\n\t\t\t\t<div class=\"elementor-element elementor-element-1169f623 elementor-view-default elementor-widget elementor-widget-icon\" data-id=\"1169f623\" data-element_type=\"widget\" data-e-type=\"widget\" data-widget_type=\"icon.default\">\n\t\t\t\t\t\t\t<div class=\"elementor-icon-wrapper\">\n\t\t\t<div class=\"elementor-icon\">\n\t\t\t<svg xmlns=\"http:\/\/www.w3.org\/2000\/svg\" width=\"21\" height=\"22\" viewBox=\"0 0 21 22\" fill=\"none\"><path d=\"M17.7319 21H14.2268V17.3918C14.2268 15.2851 12.519 13.5773 10.4124 13.5773C8.30571 13.5773 6.59793 15.2851 6.59793 17.3918V21H3.09277V9.04126H17.7319V21Z\" stroke=\"black\" stroke-width=\"0.6\"><\/path><path d=\"M10.3093 1L19.2374 9.04124H1.38118L10.3093 1Z\" stroke=\"black\" stroke-width=\"0.6\"><\/path><\/svg>\t\t\t<\/div>\n\t\t<\/div>\n\t\t\t\t\t\t<\/div>\n\t\t\t\t<div class=\"elementor-element elementor-element-24d9fff elementor-widget elementor-widget-heading\" data-id=\"24d9fff\" data-element_type=\"widget\" data-e-type=\"widget\" data-widget_type=\"heading.default\">\n\t\t\t\t\t<p class=\"elementor-heading-title elementor-size-default\">Domicile<\/p>\t\t\t\t<\/div>\n\t\t\t\t<div class=\"elementor-element elementor-element-78c4b9e8 elementor-view-default elementor-widget elementor-widget-icon\" data-id=\"78c4b9e8\" data-element_type=\"widget\" data-e-type=\"widget\" data-widget_type=\"icon.default\">\n\t\t\t\t\t\t\t<div class=\"elementor-icon-wrapper\">\n\t\t\t<div class=\"elementor-icon\">\n\t\t\t<svg xmlns=\"http:\/\/www.w3.org\/2000\/svg\" width=\"7\" height=\"13\" viewBox=\"0 0 7 13\" fill=\"none\"><path d=\"M1.10762 12.2889L6.19141 6.64447L1.10763 1\" stroke=\"black\" stroke-width=\"0.6\"><\/path><\/svg>\t\t\t<\/div>\n\t\t<\/div>\n\t\t\t\t\t\t<\/div>\n\t\t\t\t<div class=\"elementor-element elementor-element-299a54e6 elementor-widget elementor-widget-heading\" data-id=\"299a54e6\" data-element_type=\"widget\" data-e-type=\"widget\" data-widget_type=\"heading.default\">\n\t\t\t\t\t<p class=\"elementor-heading-title elementor-size-default\">Mentions l\u00e9gales<\/p>\t\t\t\t<\/div>\n\t\t\t\t\t<\/div>\n\t\t\t\t<\/div>\n\t\t<div class=\"elementor-element elementor-element-581ca4b e-flex e-con-boxed e-con e-parent\" data-id=\"581ca4b\" data-element_type=\"container\" data-e-type=\"container\" data-settings=\"{&quot;jet_parallax_layout_list&quot;:[]}\">\n\t\t\t\t\t<div class=\"e-con-inner\">\n\t\t\t\t<div class=\"elementor-element elementor-element-b382bea elementor-widget__width-initial elementor-widget elementor-widget-heading\" data-id=\"b382bea\" data-element_type=\"widget\" data-e-type=\"widget\" data-widget_type=\"heading.default\">\n\t\t\t\t\t<div class=\"elementor-heading-title elementor-size-default\">Mentions l\u00e9gales<\/div>\t\t\t\t<\/div>\n\t\t\t\t<div class=\"elementor-element elementor-element-9df486e elementor-widget elementor-widget-text-editor\" data-id=\"9df486e\" data-element_type=\"widget\" data-e-type=\"widget\" data-widget_type=\"text-editor.default\">\n\t\t\t\t\t\t\t\t\t<p>Afin de respecter les dispositions de l\u2019article 10 de la loi 34\/2002 relative aux services de la soci\u00e9t\u00e9 de l\u2019information et au commerce \u00e9lectronique (LSSI-CE), nous informons les utilisateurs de nos donn\u00e9es d\u2019identification et de contact :<br\/>Nom ou raison sociale : PRODUCTES QUIMICS NATURALS SL<br\/>Si\u00e8ge social : POL. IND. LA B\u00d3BILA, CARRER IND\u00daSTRIA, 6, 2A PLANTA, 08320 EL MASNOU (BARCELONA)<br\/>NIF : B60896743<br\/>T\u00e9l\u00e9phone : 931855500<br\/>E-mail : ventas@proquinat.com<br\/>Donn\u00e9es d\u2019immatriculation : La soci\u00e9t\u00e9 est inscrite au Registre du commerce de Barcelone, Tome 28440, Folio 149, Section g\u00e9n\u00e9rale, Feuille B-136113.  <\/p><p>1.- OBJET<br\/>PRODUCTES QUIMICS NATURALS SL (ci-apr\u00e8s, PROQUINAT), en tant que responsable du site web WWW.PROQUINAT.COM, met le pr\u00e9sent document \u00e0 la disposition des utilisateurs. Celui-ci r\u00e9git l\u2019utilisation de ce site web et vise \u00e0 respecter les obligations pr\u00e9vues par la loi 34\/2002 relative aux services de la soci\u00e9t\u00e9 de l\u2019information et au commerce \u00e9lectronique, ainsi qu\u2019\u00e0 informer l\u2019ensemble des utilisateurs des conditions d\u2019utilisation et de navigation sur le site web.<br>Par le biais de ce site web, PROQUINAT permet aux utilisateurs d\u2019acc\u00e9der et d\u2019utiliser les diff\u00e9rents services et contenus mis \u00e0 leur disposition par le biais de ce site web.<br>Toute personne acc\u00e9dant \u00e0 ce site web sera consid\u00e9r\u00e9e comme un utilisateur (ci-apr\u00e8s, l\u2019\u00ab Utilisateur \u00bb). L\u2019acc\u00e8s au site implique l\u2019acceptation pleine et sans r\u00e9serve de chacune des dispositions contenues dans le pr\u00e9sent Avis juridique, ainsi que de toute autre disposition l\u00e9gale susceptible de s\u2019appliquer.<br>L\u2019Utilisateur devra lire attentivement le pr\u00e9sent Avis juridique. Il est recommand\u00e9 de le consulter avant de visiter le site web ainsi qu\u2019\u00e0 chaque nouvel acc\u00e8s, afin de prendre connaissance et de comprendre les \u00e9ventuelles modifications apport\u00e9es par le prestataire.<br\/>\u00c0 cet \u00e9gard, le prestataire se r\u00e9serve le droit de modifier les pr\u00e9sentes conditions sans \u00eatre tenu d\u2019en informer pr\u00e9alablement les Utilisateurs ni de leur notifier les modifications effectu\u00e9es, leur publication sur le pr\u00e9sent site web \u00e9tant suffisante.<br\/>Il appartient \u00e0 l\u2019Utilisateur de consulter p\u00e9riodiquement les pr\u00e9sentes conditions, les versions les plus r\u00e9centes \u00e9tant applicables et rempla\u00e7ant toute version ant\u00e9rieure.  <\/p><p><span style=\"font-weight: 500;\">2.- CONDITIONS D\u2019ACC\u00c8S ET D\u2019UTILISATION DU SITE WEB<br\/><\/span>Le pr\u00e9sent avis juridique informe les utilisateurs des conditions qui r\u00e9gissent l\u2019acc\u00e8s et l\u2019utilisation de ce site web, qui sont consid\u00e9r\u00e9es comme des conditions g\u00e9n\u00e9rales de contrat.<\/p><p>2.1. Gratuit\u00e9 de l\u2019acc\u00e8s et de l\u2019utilisation du site web<br\/>Les services fournis par PROQUINAT sur ce site web sont gratuits pour l\u2019ensemble des Utilisateurs. Toutefois, certains services propos\u00e9s par le prestataire par l\u2019interm\u00e9diaire de ce site web peuvent \u00eatre soumis au paiement d\u2019un prix d\u00e9termin\u00e9.<br\/>Dans ce cas, l\u2019Utilisateur sera toujours inform\u00e9 du caract\u00e8re payant des services concern\u00e9s, lesquels devront faire l\u2019objet d\u2019une souscription pr\u00e9alable. Les conditions g\u00e9n\u00e9rales de vente \u00e9ventuellement disponibles sur le site web, ainsi que la r\u00e9glementation en mati\u00e8re de consommation en vigueur \u00e0 tout moment, seront \u00e9galement applicables.  <\/p><p>2.2. Inscription de l\u2019Utilisateur<br\/>En r\u00e8gle g\u00e9n\u00e9rale, la fourniture des services propos\u00e9s sur ce site web ne n\u00e9cessite pas l\u2019inscription ou l\u2019enregistrement pr\u00e9alable des Utilisateurs. Toutefois, le prestataire peut subordonner l\u2019utilisation de certains services \u00e0 l\u2019accomplissement pr\u00e9alable de la proc\u00e9dure d\u2019inscription correspondante.<br\/>Cette inscription sera effectu\u00e9e selon les modalit\u00e9s express\u00e9ment indiqu\u00e9es dans la section relative au service concern\u00e9. Le traitement des donn\u00e9es \u00e0 caract\u00e8re personnel de l\u2019Utilisateur pouvant r\u00e9sulter de son inscription ou de son abonnement sera r\u00e9gi par notre Politique de confidentialit\u00e9.   <\/p><p>2.3. Exactitude des informations<br\/>Toutes les informations fournies par l\u2019Utilisateur par l\u2019interm\u00e9diaire de ce site web doivent \u00eatre v\u00e9ridiques. \u00c0 cet effet, l\u2019Utilisateur garantit l\u2019authenticit\u00e9 des donn\u00e9es communiqu\u00e9es au moyen des formulaires de contact mis \u00e0 sa disposition.<br\/>Il appartient \u00e0 l\u2019Utilisateur de maintenir en permanence \u00e0 jour l\u2019ensemble des informations fournies \u00e0 PROQUINAT afin qu\u2019elles correspondent, \u00e0 tout moment, \u00e0 sa situation r\u00e9elle.<br\/>En tout \u00e9tat de cause, l\u2019Utilisateur sera seul responsable des d\u00e9clarations fausses ou inexactes qu\u2019il pourrait effectuer ainsi que des pr\u00e9judices qu\u2019il pourrait causer au prestataire ou \u00e0 des tiers.   <\/p><p>2.4. Mineurs<br\/>PROQUINAT recommande l\u2019utilisation de ce site web aux personnes \u00e2g\u00e9es de plus de 18 ans. Pour utiliser les services propos\u00e9s sur ce site web, les mineurs doivent toujours obtenir au pr\u00e9alable le consentement de leurs parents, tuteurs ou repr\u00e9sentants l\u00e9gaux, lesquels sont responsables en dernier ressort de tous les actes accomplis par les mineurs dont ils ont la charge.<br\/>Il appartient \u00e0 ces derniers de d\u00e9terminer les contenus sp\u00e9cifiques auxquels les mineurs peuvent acc\u00e9der. Par cons\u00e9quent, si des mineurs sont susceptibles d\u2019acc\u00e9der \u00e0 des contenus inappropri\u00e9s sur Internet, des m\u00e9canismes tels que des filtres, des syst\u00e8mes de blocage ou d\u2019autres dispositifs similaires devront \u00eatre configur\u00e9s sur leurs ordinateurs ou appareils mobiles afin de limiter les contenus accessibles.  <\/p><p>2.5. Obligations des Utilisateurs<br\/>L\u2019Utilisateur s\u2019engage \u00e0 utiliser ce site web conform\u00e9ment aux pr\u00e9sentes Conditions, \u00e0 la l\u00e9gislation en vigueur, \u00e0 la morale et aux bonnes m\u0153urs.<br\/>\u00c0 cet effet, l\u2019Utilisateur s\u2019abstiendra d\u2019utiliser ce site web \u00e0 des fins illicites ou interdites, portant atteinte aux droits et int\u00e9r\u00eats du prestataire, d\u2019autres Utilisateurs ou de tiers, ou susceptibles, de quelque mani\u00e8re que ce soit, d\u2019endommager, de rendre inutilisables, de surcharger, de d\u00e9t\u00e9riorer ou d\u2019emp\u00eacher l\u2019utilisation normale des \u00e9quipements informatiques, documents, fichiers et de tout type de contenu stock\u00e9 sur les \u00e9quipements informatiques du prestataire ou de tiers. <br>En particulier, \u00e0 titre indicatif mais non exhaustif, l\u2019Utilisateur s\u2019engage \u00e0 ne pas transmettre, diffuser ou mettre \u00e0 la disposition de tiers des informations, donn\u00e9es, contenus, messages, graphiques, dessins, fichiers audio ou image, photographies, enregistrements, logiciels et, de mani\u00e8re g\u00e9n\u00e9rale, tout type de mat\u00e9riel qui :<br\/>Est contraire aux droits fondamentaux et aux libert\u00e9s publiques reconnus par la Constitution, les trait\u00e9s internationaux et toute autre r\u00e9glementation en vigueur, les m\u00e9prise ou y porte atteinte.<br>Induit, incite ou promeut des actions criminelles, d\u00e9nigrantes, diffamatoires, violentes ou, en g\u00e9n\u00e9ral, contraires \u00e0 la loi, \u00e0 la morale et \u00e0 l\u2019ordre public.<br>Induit, incite ou promeut des actions, des attitudes ou des pens\u00e9es discriminatoires fond\u00e9es sur le sexe, la race, la religion, les croyances, l\u2019\u00e2ge, l\u2019orientation ou la condition sexuelle, entre autres.<br>Est contraire au droit \u00e0 l\u2019honneur, \u00e0 l\u2019intimit\u00e9 personnelle ou familiale ou \u00e0 l\u2019image de soi des personnes.<br>D\u2019une mani\u00e8re qui nuit \u00e0 la cr\u00e9dibilit\u00e9 du fournisseur ou de tiers.<br>Cela constitue une publicit\u00e9 ill\u00e9gale, trompeuse ou d\u00e9loyale.<\/p><p>3.- EXCLUSION DE GARANTIES ET DE RESPONSABILIT\u00c9<br\/>Le contenu du pr\u00e9sent site web est de nature g\u00e9n\u00e9rale et a une finalit\u00e9 purement informative. L\u2019acc\u00e8s \u00e0 l\u2019ensemble des contenus n\u2019est pas pleinement garanti, pas plus que leur exhaustivit\u00e9, leur exactitude, leur validit\u00e9 ou leur actualit\u00e9, ni leur ad\u00e9quation ou leur utilit\u00e9 pour un objectif sp\u00e9cifique.<br\/>Le prestataire d\u00e9cline toute responsabilit\u00e9 d\u00e9coulant des informations publi\u00e9es sur notre site web lorsque celles-ci ont \u00e9t\u00e9 manipul\u00e9es ou introduites par un tiers \u00e9tranger au prestataire.<br\/>Ce site web a \u00e9t\u00e9 contr\u00f4l\u00e9 et test\u00e9 afin de garantir son bon fonctionnement. Toutefois, le prestataire ne peut exclure l\u2019existence de certaines erreurs de programmation, ni la survenance de cas de force majeure, de catastrophes naturelles, de gr\u00e8ves ou de circonstances similaires susceptibles de rendre temporairement impossible l\u2019acc\u00e8s au site web. <br>Le fournisseur exclut, dans la mesure permise par la loi, toute responsabilit\u00e9 pour les dommages de toute nature r\u00e9sultant de :<br\/>L\u2019impossibilit\u00e9 d\u2019acc\u00e9der au site web ou le manque de v\u00e9racit\u00e9, d\u2019exactitude, d\u2019exhaustivit\u00e9 et\/ou d\u2019actualit\u00e9 des contenus, ainsi que l\u2019existence de vices et de d\u00e9fauts de toute nature dans les contenus transmis, diffus\u00e9s, stock\u00e9s, mis \u00e0 disposition auxquels on a acc\u00e9d\u00e9 par le biais du site web ou des services offerts.<br>La pr\u00e9sence de virus ou d\u2019autres \u00e9l\u00e9ments dans le contenu qui peuvent provoquer des alt\u00e9rations dans les syst\u00e8mes informatiques, les documents \u00e9lectroniques ou les donn\u00e9es de l\u2019utilisateur.<br>Le non-respect des lois, de la bonne foi, de l\u2019ordre public, des usages commerciaux et du pr\u00e9sent Avis juridique, r\u00e9sultant d\u2019une utilisation incorrecte du site web. En particulier, et \u00e0 titre d\u2019exemple, le prestataire ne saurait \u00eatre tenu responsable des agissements de tiers portant atteinte aux droits de propri\u00e9t\u00e9 intellectuelle et industrielle, aux secrets d\u2019affaires, au droit \u00e0 l\u2019honneur, \u00e0 la vie priv\u00e9e personnelle et familiale et au droit \u00e0 l\u2019image, ainsi qu\u2019\u00e0 la r\u00e9glementation en mati\u00e8re de concurrence d\u00e9loyale et de publicit\u00e9 illicite.<br\/>Le prestataire ne garantit pas la disponibilit\u00e9 continue et permanente des services et d\u00e9cline, par cons\u00e9quent, toute responsabilit\u00e9 pour les \u00e9ventuels dommages et pr\u00e9judices r\u00e9sultant de l\u2019indisponibilit\u00e9 du service pour des raisons de force majeure, d\u2019erreurs sur les r\u00e9seaux t\u00e9l\u00e9matiques de transfert de donn\u00e9es ind\u00e9pendantes de sa volont\u00e9, ou d\u2019interruptions n\u00e9cessaires \u00e0 des travaux d\u2019am\u00e9lioration ou de maintenance des \u00e9quipements et syst\u00e8mes informatiques.<br\/>Le prestataire ne saurait \u00eatre tenu responsable de l\u2019interruption, de la suspension ou de la cessation des informations ou des services. Il ne saurait davantage \u00eatre tenu responsable d\u2019\u00e9ventuelles omissions, pertes d\u2019informations, de donn\u00e9es ou de configurations, d\u2019acc\u00e8s non autoris\u00e9s ou de violations de la confidentialit\u00e9 r\u00e9sultant de probl\u00e8mes techniques, de communication ou d\u2019erreurs humaines, caus\u00e9s par des tiers ou ne pouvant lui \u00eatre imput\u00e9s.<br\/>Il ne r\u00e9pondra pas non plus des dommages r\u00e9sultant de cyberattaques ou caus\u00e9s par des virus affectant les logiciels, les syst\u00e8mes de communication ou les \u00e9quipements utilis\u00e9s par le prestataire, mais fabriqu\u00e9s ou fournis par un tiers.<br\/>Le prestataire pourra, \u00e0 sa seule discr\u00e9tion, refuser, retirer, suspendre et\/ou bloquer, \u00e0 tout moment et sans pr\u00e9avis, l\u2019acc\u00e8s aux informations et aux services aux Utilisateurs qui ne respecteraient pas les pr\u00e9sentes conditions.<br\/>Le prestataire ne saurait en aucun cas \u00eatre tenu responsable des dommages pouvant r\u00e9sulter d\u2019une utilisation ill\u00e9gale ou abusive du pr\u00e9sent site web.<br\/>En tout \u00e9tat de cause, le prestataire exclut toute responsabilit\u00e9 pour les dommages et pr\u00e9judices pouvant r\u00e9sulter des informations et\/ou services fournis ou propos\u00e9s par des tiers, autres que ceux offerts par le prestataire. Toute responsabilit\u00e9 incombera au tiers concern\u00e9, qu\u2019il s\u2019agisse d\u2019un fournisseur, d\u2019un collaborateur ou de toute autre entit\u00e9.      <\/p><p>4.- LIENS (LINKS)<br\/>Le pr\u00e9sent site web peut inclure des liens ou des hyperliens permettant aux Utilisateurs d\u2019\u00eatre redirig\u00e9s vers des contenus de pages web et de sites Internet appartenant \u00e0 des tiers ind\u00e9pendants du prestataire. Dans la mesure o\u00f9 PROQUINAT ne peut pas toujours contr\u00f4ler les contenus publi\u00e9s par ces tiers, elle n\u2019assume aucune responsabilit\u00e9 quant \u00e0 ces contenus.<br\/>En tout \u00e9tat de cause, le prestataire d\u00e9clare qu\u2019il proc\u00e9dera imm\u00e9diatement au retrait de tout contenu susceptible de contrevenir \u00e0 la l\u00e9gislation nationale et\/ou internationale, \u00e0 la morale ou \u00e0 l\u2019ordre public, ainsi qu\u2019\u00e0 la suppression imm\u00e9diate du lien vers les sites web de tiers concern\u00e9s, et qu\u2019il informera les autorit\u00e9s comp\u00e9tentes du contenu en question.<br\/>Le prestataire ne saurait \u00eatre tenu responsable des informations et contenus stock\u00e9s, notamment, mais sans s\u2019y limiter, dans des forums, chats, g\u00e9n\u00e9rateurs de blogs, commentaires, r\u00e9seaux sociaux ou tout autre moyen permettant \u00e0 des tiers de publier des contenus de mani\u00e8re ind\u00e9pendante sur le site web du prestataire.<br\/>Toutefois, conform\u00e9ment aux dispositions des articles 11 et 16 de la LSSI-CE, le prestataire se tient \u00e0 la disposition des Utilisateurs, des autorit\u00e9s et des forces de l\u2019ordre et collaborera activement au retrait ou, lorsque cela s\u2019av\u00e8re n\u00e9cessaire, au blocage de tout contenu susceptible de porter atteinte ou de contrevenir \u00e0 la l\u00e9gislation nationale ou internationale, aux droits de tiers, \u00e0 la morale ou \u00e0 l\u2019ordre public.<br\/>Si l\u2019Utilisateur consid\u00e8re qu\u2019un contenu pr\u00e9sent sur le site web est susceptible de relever de l\u2019une de ces cat\u00e9gories, il est pri\u00e9 d\u2019en informer dans les plus brefs d\u00e9lais l\u2019administrateur du site web.    <\/p><p>5.- PROPRI\u00c9T\u00c9 INTELLECTUELLE<br\/>Le pr\u00e9sent site web, y compris, \u00e0 titre indicatif mais non exhaustif, sa programmation, son \u00e9dition, sa compilation et les autres \u00e9l\u00e9ments n\u00e9cessaires \u00e0 son fonctionnement, ainsi que les designs, logos, textes, photographies et\/ou \u00e9l\u00e9ments graphiques et sonores, est la propri\u00e9t\u00e9 du prestataire ou, \u00e0 d\u00e9faut, celui-ci dispose des licences et\/ou autorisations accord\u00e9es par leurs auteurs pour leur utilisation l\u00e9gitime. L\u2019ensemble des contenus du site web est d\u00fbment prot\u00e9g\u00e9 par la r\u00e9glementation applicable en mati\u00e8re de propri\u00e9t\u00e9 intellectuelle et industrielle.<br\/>Quelle que soit la finalit\u00e9 \u00e0 laquelle ils sont destin\u00e9s, toute reproduction totale ou partielle, utilisation, distribution ou communication publique n\u00e9cessite l\u2019autorisation \u00e9crite pr\u00e9alable du prestataire. Toute utilisation qui n\u2019aurait pas \u00e9t\u00e9 pr\u00e9alablement autoris\u00e9e par le prestataire sera consid\u00e9r\u00e9e comme une atteinte grave aux droits de propri\u00e9t\u00e9 intellectuelle et industrielle de leur titulaire l\u00e9gitime.<br\/>Les designs, logos, textes, graphiques et autres \u00e9l\u00e9ments appartenant \u00e0 des tiers et susceptibles d\u2019appara\u00eetre sur ce site web restent la propri\u00e9t\u00e9 de leurs titulaires respectifs, lesquels sont responsables de tout \u00e9ventuel litige pouvant survenir \u00e0 leur sujet. En tout \u00e9tat de cause, le prestataire dispose de leur autorisation expresse et pr\u00e9alable pour leur utilisation sur le pr\u00e9sent site web.<br\/>Le prestataire reconna\u00eet les droits de propri\u00e9t\u00e9 industrielle et intellectuelle correspondants de leurs titulaires respectifs. Leur simple mention ou pr\u00e9sence sur le site web n\u2019implique ni l\u2019existence de droits ou de responsabilit\u00e9s du prestataire \u00e0 leur \u00e9gard, ni un quelconque soutien, parrainage ou recommandation de sa part.   <\/p><p>6.- R\u00c9SEAUX SOCIAUX<br\/>Nous vous informons que PROQUINAT peut \u00eatre pr\u00e9sente sur diff\u00e9rents r\u00e9seaux sociaux. Le traitement des donn\u00e9es que les Utilisateurs y communiquent \u2014 que ce soit en suivant les profils de PROQUINAT ou en effectuant toute action de liaison ou d\u2019interaction par leur interm\u00e9diaire \u2014 sera r\u00e9gi par la pr\u00e9sente section de cet Avis juridique.<br\/>Lorsque l\u2019Utilisateur consulte le profil de PROQUINAT sur les diff\u00e9rents r\u00e9seaux sociaux sur lesquels l\u2019entreprise est pr\u00e9sente, les conditions d\u2019utilisation et les politiques de confidentialit\u00e9 propres \u00e0 chacun de ces r\u00e9seaux sociaux s\u2019appliquent.<br\/>PROQUINAT ne saurait \u00eatre tenue responsable des commentaires publi\u00e9s par d\u2019autres Utilisateurs des r\u00e9seaux sociaux sur le profil de l\u2019entreprise, sans pr\u00e9judice des \u00e9ventuelles actions que PROQUINAT pourrait entreprendre aupr\u00e8s des responsables des r\u00e9seaux sociaux concern\u00e9s, notamment en demandant la suppression de commentaires inappropri\u00e9s, offensants ou portant atteinte aux droits d\u2019autres Utilisateurs.   <br>PROQUINAT aura acc\u00e8s aux donn\u00e9es personnelles que l\u2019utilisateur a publi\u00e9es sur ses profils de m\u00e9dias sociaux, de la m\u00eame mani\u00e8re que d\u2019autres utilisateurs des r\u00e9seaux sociaux peuvent y avoir acc\u00e8s.<br>La publication des contenus suivants sur le profil de PROQUINAT sur les r\u00e9seaux sociaux est interdite, sans pr\u00e9judice des r\u00e8gles de conduite et des conditions d\u2019utilisation du service impos\u00e9es par les responsables des diff\u00e9rents r\u00e9seaux sociaux :<br\/>Les publications qui ne respectent pas la r\u00e9glementation nationale, europ\u00e9enne ou internationale applicable, qui impliquent la r\u00e9alisation d\u2019activit\u00e9s illicites ou qui contreviennent aux principes de bonne foi.<br>Les publications qui violent les droits fondamentaux et les libert\u00e9s publiques des personnes, manquent de courtoisie sur le r\u00e9seau, de respect ou de bonne r\u00e9putation.<br>De m\u00eame, PROQUINAT se r\u00e9serve le droit de supprimer du site web, ou des r\u00e9seaux sociaux, tout contenu consid\u00e9r\u00e9 comme inappropri\u00e9.<\/p><p>7.- PROTECTION DES DONN\u00c9ES<br\/>Le prestataire peut recueillir des donn\u00e9es \u00e0 caract\u00e8re personnel des Utilisateurs par l\u2019interm\u00e9diaire de formulaires de contact, de formulaires d\u2019inscription ou de tout autre moyen similaire.<br\/>L\u2019Utilisateur peut obtenir davantage d\u2019informations sur le traitement de ses donn\u00e9es \u00e0 caract\u00e8re personnel en consultant notre Politique de confidentialit\u00e9, en contactant le prestataire au moyen des coordonn\u00e9es figurant dans le pr\u00e9sent Avis juridique ou, le cas \u00e9ch\u00e9ant, par l\u2019interm\u00e9diaire des formulaires de contact mis \u00e0 sa disposition \u00e0 cet effet. <\/p><p>8.- COOKIES<br\/>Ce site web utilise des cookies propres et des cookies tiers. Pour en savoir plus sur ce que sont les cookies et sur la mani\u00e8re dont nous les utilisons, vous pouvez consulter notre Politique relative aux cookies. <\/p><p><span style=\"font-weight: 500;\">9.- NULLIT\u00c9 PARTIELLE.<br\/><\/span>Si l\u2019une des conditions du pr\u00e9sent avis juridique est d\u00e9clar\u00e9e nulle ou inefficace par une r\u00e9solution d\u00e9finitive \u00e9mise par une autorit\u00e9 comp\u00e9tente, les autres termes et conditions resteront en vigueur, sans \u00eatre affect\u00e9s par ladite d\u00e9claration de nullit\u00e9.<\/p><p>10.- LOI APPLICABLE ET JURIDICTION<br\/>Pour la r\u00e9solution de tout litige ou de toute question li\u00e9e aux pr\u00e9sentes conditions, la l\u00e9gislation espagnole sera applicable. Les cours et tribunaux du domicile du prestataire ou de l\u2019Utilisateur, au choix de ce dernier, seront comp\u00e9tents pour conna\u00eetre des \u00e9ventuels litiges pouvant survenir dans le cadre de l\u2019interpr\u00e9tation et de l\u2019application des pr\u00e9sentes conditions.<\/p>\t\t\t\t\t\t\t\t<\/div>\n\t\t\t\t\t<\/div>\n\t\t\t\t<\/div>\n\t\t\t\t<\/div>\n\t\t","protected":false},"excerpt":{"rendered":"<p>Domicile Mentions l\u00e9gales Afin de respecter les dispositions de l\u2019article 10 de la loi 34\/2002 relative aux services de la soci\u00e9t\u00e9 de l\u2019information et au commerce \u00e9lectronique (LSSI-CE), nous informons les utilisateurs de nos donn\u00e9es d\u2019identification et de contact :Nom ou raison sociale : PRODUCTES QUIMICS NATURALS SLSi\u00e8ge social : POL. IND. LA B\u00d3BILA, CARRER [&hellip;]<\/p>\n","protected":false},"author":1,"featured_media":0,"parent":0,"menu_order":0,"comment_status":"closed","ping_status":"closed","template":"","meta":{"footnotes":""},"class_list":["post-2759","page","type-page","status-publish","hentry"],"yoast_head":"<!-- This site is optimized with the Yoast SEO plugin v27.3 - https:\/\/yoast.com\/product\/yoast-seo-wordpress\/ -->\n<title>Mentions l\u00e9gales - Proquinat<\/title>\n<meta name=\"robots\" content=\"noindex, follow\" \/>\n<meta property=\"og:locale\" content=\"fr_FR\" \/>\n<meta property=\"og:type\" content=\"article\" \/>\n<meta property=\"og:title\" content=\"Mentions l\u00e9gales - Proquinat\" \/>\n<meta property=\"og:description\" content=\"Domicile Mentions l\u00e9gales Afin de respecter les dispositions de l\u2019article 10 de la loi 34\/2002 relative aux services de la soci\u00e9t\u00e9 de l\u2019information et au commerce \u00e9lectronique (LSSI-CE), nous informons les utilisateurs de nos donn\u00e9es d\u2019identification et de contact :Nom ou raison sociale : PRODUCTES QUIMICS NATURALS SLSi\u00e8ge social : POL. IND. LA B\u00d3BILA, CARRER [&hellip;]\" \/>\n<meta property=\"og:url\" content=\"https:\/\/proquinat.com\/fr\/mentions-legales\/\" \/>\n<meta property=\"og:site_name\" content=\"Proquinat\" \/>\n<meta property=\"article:modified_time\" content=\"2026-09-02T11:59:14+00:00\" \/>\n<meta name=\"twitter:card\" content=\"summary_large_image\" \/>\n<meta name=\"twitter:label1\" content=\"Dur\u00e9e de lecture estim\u00e9e\" \/>\n\t<meta name=\"twitter:data1\" content=\"12 minutes\" \/>\n<script type=\"application\/ld+json\" class=\"yoast-schema-graph\">{\"@context\":\"https:\\\/\\\/schema.org\",\"@graph\":[{\"@type\":\"WebPage\",\"@id\":\"https:\\\/\\\/proquinat.com\\\/fr\\\/mentions-legales\\\/\",\"url\":\"https:\\\/\\\/proquinat.com\\\/fr\\\/mentions-legales\\\/\",\"name\":\"Mentions l\u00e9gales - Proquinat\",\"isPartOf\":{\"@id\":\"https:\\\/\\\/proquinat.com\\\/fr\\\/#website\"},\"datePublished\":\"2025-08-26T13:31:15+00:00\",\"dateModified\":\"2026-09-02T11:59:14+00:00\",\"breadcrumb\":{\"@id\":\"https:\\\/\\\/proquinat.com\\\/fr\\\/mentions-legales\\\/#breadcrumb\"},\"inLanguage\":\"fr-FR\",\"potentialAction\":[{\"@type\":\"ReadAction\",\"target\":[\"https:\\\/\\\/proquinat.com\\\/fr\\\/mentions-legales\\\/\"]}]},{\"@type\":\"BreadcrumbList\",\"@id\":\"https:\\\/\\\/proquinat.com\\\/fr\\\/mentions-legales\\\/#breadcrumb\",\"itemListElement\":[{\"@type\":\"ListItem\",\"position\":1,\"name\":\"Portada\",\"item\":\"https:\\\/\\\/proquinat.com\\\/fr\\\/fabricant-distributeur-cires-paraffines\\\/\"},{\"@type\":\"ListItem\",\"position\":2,\"name\":\"Mentions l\u00e9gales\"}]},{\"@type\":\"WebSite\",\"@id\":\"https:\\\/\\\/proquinat.com\\\/fr\\\/#website\",\"url\":\"https:\\\/\\\/proquinat.com\\\/fr\\\/\",\"name\":\"Proquinat\",\"description\":\"\",\"publisher\":{\"@id\":\"https:\\\/\\\/proquinat.com\\\/fr\\\/#organization\"},\"potentialAction\":[{\"@type\":\"SearchAction\",\"target\":{\"@type\":\"EntryPoint\",\"urlTemplate\":\"https:\\\/\\\/proquinat.com\\\/fr\\\/?s={search_term_string}\"},\"query-input\":{\"@type\":\"PropertyValueSpecification\",\"valueRequired\":true,\"valueName\":\"search_term_string\"}}],\"inLanguage\":\"fr-FR\"},{\"@type\":\"Organization\",\"@id\":\"https:\\\/\\\/proquinat.com\\\/fr\\\/#organization\",\"name\":\"Proquinat\",\"url\":\"https:\\\/\\\/proquinat.com\\\/fr\\\/\",\"logo\":{\"@type\":\"ImageObject\",\"inLanguage\":\"fr-FR\",\"@id\":\"https:\\\/\\\/proquinat.com\\\/fr\\\/#\\\/schema\\\/logo\\\/image\\\/\",\"url\":\"https:\\\/\\\/proquinat.com\\\/wp-content\\\/uploads\\\/2025\\\/08\\\/PQN-Logo.svg\",\"contentUrl\":\"https:\\\/\\\/proquinat.com\\\/wp-content\\\/uploads\\\/2025\\\/08\\\/PQN-Logo.svg\",\"width\":177,\"height\":45,\"caption\":\"Proquinat\"},\"image\":{\"@id\":\"https:\\\/\\\/proquinat.com\\\/fr\\\/#\\\/schema\\\/logo\\\/image\\\/\"}}]}<\/script>\n<!-- \/ Yoast SEO plugin. -->","yoast_head_json":{"title":"Mentions l\u00e9gales - Proquinat","robots":{"index":"noindex","follow":"follow"},"og_locale":"fr_FR","og_type":"article","og_title":"Mentions l\u00e9gales - Proquinat","og_description":"Domicile Mentions l\u00e9gales Afin de respecter les dispositions de l\u2019article 10 de la loi 34\/2002 relative aux services de la soci\u00e9t\u00e9 de l\u2019information et au commerce \u00e9lectronique (LSSI-CE), nous informons les utilisateurs de nos donn\u00e9es d\u2019identification et de contact :Nom ou raison sociale : PRODUCTES QUIMICS NATURALS SLSi\u00e8ge social : POL. IND. LA B\u00d3BILA, CARRER [&hellip;]","og_url":"https:\/\/proquinat.com\/fr\/mentions-legales\/","og_site_name":"Proquinat","article_modified_time":"2026-09-02T11:59:14+00:00","twitter_card":"summary_large_image","twitter_misc":{"Dur\u00e9e de lecture estim\u00e9e":"12 minutes"},"schema":{"@context":"https:\/\/schema.org","@graph":[{"@type":"WebPage","@id":"https:\/\/proquinat.com\/fr\/mentions-legales\/","url":"https:\/\/proquinat.com\/fr\/mentions-legales\/","name":"Mentions l\u00e9gales - Proquinat","isPartOf":{"@id":"https:\/\/proquinat.com\/fr\/#website"},"datePublished":"2025-08-26T13:31:15+00:00","dateModified":"2026-09-02T11:59:14+00:00","breadcrumb":{"@id":"https:\/\/proquinat.com\/fr\/mentions-legales\/#breadcrumb"},"inLanguage":"fr-FR","potentialAction":[{"@type":"ReadAction","target":["https:\/\/proquinat.com\/fr\/mentions-legales\/"]}]},{"@type":"BreadcrumbList","@id":"https:\/\/proquinat.com\/fr\/mentions-legales\/#breadcrumb","itemListElement":[{"@type":"ListItem","position":1,"name":"Portada","item":"https:\/\/proquinat.com\/fr\/fabricant-distributeur-cires-paraffines\/"},{"@type":"ListItem","position":2,"name":"Mentions l\u00e9gales"}]},{"@type":"WebSite","@id":"https:\/\/proquinat.com\/fr\/#website","url":"https:\/\/proquinat.com\/fr\/","name":"Proquinat","description":"","publisher":{"@id":"https:\/\/proquinat.com\/fr\/#organization"},"potentialAction":[{"@type":"SearchAction","target":{"@type":"EntryPoint","urlTemplate":"https:\/\/proquinat.com\/fr\/?s={search_term_string}"},"query-input":{"@type":"PropertyValueSpecification","valueRequired":true,"valueName":"search_term_string"}}],"inLanguage":"fr-FR"},{"@type":"Organization","@id":"https:\/\/proquinat.com\/fr\/#organization","name":"Proquinat","url":"https:\/\/proquinat.com\/fr\/","logo":{"@type":"ImageObject","inLanguage":"fr-FR","@id":"https:\/\/proquinat.com\/fr\/#\/schema\/logo\/image\/","url":"https:\/\/proquinat.com\/wp-content\/uploads\/2025\/08\/PQN-Logo.svg","contentUrl":"https:\/\/proquinat.com\/wp-content\/uploads\/2025\/08\/PQN-Logo.svg","width":177,"height":45,"caption":"Proquinat"},"image":{"@id":"https:\/\/proquinat.com\/fr\/#\/schema\/logo\/image\/"}}]}},"_links":{"self":[{"href":"https:\/\/proquinat.com\/fr\/wp-json\/wp\/v2\/pages\/2759","targetHints":{"allow":["GET"]}}],"collection":[{"href":"https:\/\/proquinat.com\/fr\/wp-json\/wp\/v2\/pages"}],"about":[{"href":"https:\/\/proquinat.com\/fr\/wp-json\/wp\/v2\/types\/page"}],"author":[{"embeddable":true,"href":"https:\/\/proquinat.com\/fr\/wp-json\/wp\/v2\/users\/1"}],"replies":[{"embeddable":true,"href":"https:\/\/proquinat.com\/fr\/wp-json\/wp\/v2\/comments?post=2759"}],"version-history":[{"count":4,"href":"https:\/\/proquinat.com\/fr\/wp-json\/wp\/v2\/pages\/2759\/revisions"}],"predecessor-version":[{"id":5766,"href":"https:\/\/proquinat.com\/fr\/wp-json\/wp\/v2\/pages\/2759\/revisions\/5766"}],"wp:attachment":[{"href":"https:\/\/proquinat.com\/fr\/wp-json\/wp\/v2\/media?parent=2759"}],"curies":[{"name":"wp","href":"https:\/\/api.w.org\/{rel}","templated":true}]}}